{"id":20739,"date":"2025-05-13T12:10:10","date_gmt":"2025-05-13T10:10:10","guid":{"rendered":"https:\/\/andalubox.com\/producto-andaluz\/miguel-domecq-entrechuelos-troisieme-annee-vin-rouge-du-pays-de-cadiz-75cl\/"},"modified":"2025-09-19T19:20:03","modified_gmt":"2025-09-19T17:20:03","slug":"miguel-domecq-entrechuelos-troisieme-annee-vin-rouge-du-pays-de-cadiz-75cl","status":"publish","type":"product","link":"https:\/\/andalubox.com\/fr\/producto-andaluz\/miguel-domecq-entrechuelos-troisieme-annee-vin-rouge-du-pays-de-cadiz-75cl\/","title":{"rendered":"Miguel Domecq Entrechuelos Troisi\u00e8me ann\u00e9e Vin rouge de Tierra de C\u00e1diz 75cl"},"content":{"rendered":"<header class=\"entry-header\">\n<h2>Miguel Domecq Entrechuelos Troisi\u00e8me ann\u00e9e Vin rouge de Tierra de C\u00e1diz 75cl<\/h2>\n<h2 class=\"entry-title\"><a href=\"https:\/\/migueldomecq.com\/vinos\/entrechuelos\/tercer-ano\/\" rel=\"bookmark noopener\" target=\"_blank\">Entrechuelos Troisi\u00e8me ann\u00e9e<\/a><\/h2>\n<\/header>\n<div class=\"entry-summary\">\n<p>Notre vin rouge Entrechuelos Tercer A\u00f1o a \u00e9t\u00e9 produit et \u00e9labor\u00e9 dans nos propres vignobles de Cortijo de Torrecera situ\u00e9s sur les pentes de la rivi\u00e8re Guadalete. La s\u00e9lection des meilleurs raisins pour l&#8217;\u00e9laboration de ce vin incroyable avec des ar\u00f4mes de fruits rouges m\u00fbrs et des touches douces de cannelle et de cacao. <\/p>\n<h2><strong>Entrechuelos troisi\u00e8me ann\u00e9e : vin rouge du pays de Cadix<\/strong><\/h2>\n<div class=\"text\">\n<p data-start=\"255\" data-end=\"591\">Entrechuelos Tercer A\u00f1o est un vin rouge \u00e9l\u00e9gant et sophistiqu\u00e9 \u00e9labor\u00e9 \u00e0 partir d&#8217;une s\u00e9lection minutieuse de syrah, de merlot, de cabernet sauvignon et du c\u00e9page autochtone Tintilla de Rota. Issu des sols de Tierra Albariza, caract\u00e9ristiques du Marco de Jerez, ce vin refl\u00e8te le caract\u00e8re unique de l&#8217;<strong data-start=\"565\" data-end=\"588\">IGP Tierra de C\u00e1diz<\/strong>. <\/p>\n<p data-start=\"593\" data-end=\"914\">Son <strong data-start=\"596\" data-end=\"653\">vieillissement en f\u00fbts de ch\u00eane fran\u00e7ais pendant 12 mois<\/strong>, suivi d&#8217;une maturation de 12 mois en bouteille, lui conf\u00e8re une grande complexit\u00e9 et une \u00e9volution exceptionnelle dans le temps. Un vin qui se distingue par sa couleur rouge rubis intense et son nez riche en fruits rouges m\u00fbrs, en chocolat et en notes balsamiques. <\/p>\n<p data-start=\"916\" data-end=\"1053\">Si vous cherchez un <strong data-start=\"929\" data-end=\"952\">vin rouge de Cadix<\/strong> avec du corps, de la personnalit\u00e9 et une finale persistante, c&#8217;est le choix id\u00e9al.<\/p>\n<div class=\"kb-row-layout-wrap kb-row-layout-id43454_e614e3-6f alignnone wp-block-kadence-rowlayout\">\n<div class=\"kt-row-column-wrap kt-has-2-columns kt-row-layout-equal kt-tab-layout-inherit kt-mobile-layout-row kt-row-valign-top\">\n<div class=\"wp-block-kadence-column kadence-column43454_bafcc2-4e\">\n<div class=\"kt-inside-inner-col\">\n<div class=\"wp-block-kadence-infobox kt-info-box43454_7337cb-07\">\n<div class=\"kt-infobox-textcontent\">\n<p class=\"kt-blocks-info-box-title\">Catalogue\/Type : <span style=\"font-size: 16px;\">Vin rouge<\/span><\/p>\n<\/div>\n<\/div>\n<\/div>\n<\/div>\n<\/div>\n<\/div>\n<div class=\"kb-row-layout-wrap kb-row-layout-id43454_a9036c-89 alignnone wp-block-kadence-rowlayout\">\n<div class=\"kt-row-column-wrap kt-has-2-columns kt-row-layout-right-golden kt-tab-layout-inherit kt-mobile-layout-row kt-row-valign-top\">\n<div class=\"wp-block-kadence-column kadence-column43454_60b010-8d\">\n<div class=\"kt-inside-inner-col\">\n<div class=\"wp-block-kadence-infobox kt-info-box43454_75352e-a5\">\n<div class=\"kt-infobox-textcontent\">\n<p class=\"kt-blocks-info-box-title\">C\u00e9pages : <span style=\"font-size: 16px;\">Syrah, Merlot, Ganacha et Tintilla de Rota<\/span>.<\/p>\n<\/div>\n<\/div>\n<\/div>\n<\/div>\n<\/div>\n<\/div>\n<div class=\"kb-row-layout-wrap kb-row-layout-id43454_9237b7-bb alignnone wp-block-kadence-rowlayout\">\n<div class=\"kt-row-column-wrap kt-has-2-columns kt-row-layout-right-golden kt-tab-layout-inherit kt-mobile-layout-row kt-row-valign-top\">\n<div class=\"wp-block-kadence-column kadence-column43454_d49994-99\">\n<div class=\"kt-inside-inner-col\">\n<div class=\"wp-block-kadence-infobox kt-info-box43454_749e9d-25\">\n<div class=\"kt-infobox-textcontent\">\n<p class=\"kt-blocks-info-box-title\">Vignoble : <span style=\"font-size: 16px;\">vignes en double cordon \u00e2g\u00e9es de 8 \u00e0 20 ans, expos\u00e9es au sud-ouest et au nord-ouest, \u00e0 des altitudes moyennes de 50 et 110 m, respectivement.<\/span><\/p>\n<\/div>\n<\/div>\n<\/div>\n<\/div>\n<\/div>\n<\/div>\n<div class=\"kb-row-layout-wrap kb-row-layout-id43454_e647a8-31 alignnone wp-block-kadence-rowlayout\">\n<div class=\"kt-row-column-wrap kt-has-2-columns kt-row-layout-right-golden kt-tab-layout-inherit kt-mobile-layout-row kt-row-valign-top\">\n<div class=\"wp-block-kadence-column kadence-column43454_f9861f-ea\">\n<div class=\"kt-inside-inner-col\">\n<div class=\"wp-block-kadence-infobox kt-info-box43454_e0bb8d-eb\">\n<div class=\"kt-infobox-textcontent\">\n<p class=\"kt-blocks-info-box-title\">Nom : <span style=\"font-size: 16px;\">IGP Vino de la Tierra de C\u00e1diz<\/span><\/p>\n<\/div>\n<\/div>\n<\/div>\n<\/div>\n<\/div>\n<\/div>\n<div class=\"kb-row-layout-wrap kb-row-layout-id43454_717ab0-f3 alignnone wp-block-kadence-rowlayout\">\n<div class=\"kt-row-column-wrap kt-has-2-columns kt-row-layout-right-golden kt-tab-layout-inherit kt-mobile-layout-row kt-row-valign-top\">\n<div class=\"wp-block-kadence-column kadence-column43454_0eea03-71\">\n<div class=\"kt-inside-inner-col\">\n<div class=\"wp-block-kadence-infobox kt-info-box43454_fc8714-e4\">\n<div class=\"kt-infobox-textcontent\">\n<p class=\"kt-blocks-info-box-title\">R\u00e9colte : <span style=\"font-size: 16px;\">2023<\/span><\/p>\n<\/div>\n<\/div>\n<\/div>\n<\/div>\n<\/div>\n<\/div>\n<div class=\"kb-row-layout-wrap kb-row-layout-id43454_f00a60-06 alignnone wp-block-kadence-rowlayout\">\n<div class=\"kt-row-column-wrap kt-has-2-columns kt-row-layout-right-golden kt-tab-layout-inherit kt-mobile-layout-row kt-row-valign-top\">\n<div class=\"wp-block-kadence-column kadence-column43454_9a2ff3-41\">\n<div class=\"kt-inside-inner-col\">\n<div class=\"wp-block-kadence-infobox kt-info-box43454_ec6640-4e\">\n<div class=\"kt-blocks-info-box-media-container\">\n<div class=\"kt-blocks-info-box-media kt-info-media-animate-none\">\n<div class=\"kadence-info-box-image-inner-intrisic-container\">\n<div class=\"kadence-info-box-image-intrisic kt-info-animate-none\">\n<div class=\"kadence-info-box-image-inner-intrisic\"><span style=\"font-size: 16px;\">Alcool (% vol.) : <\/span><span style=\"font-size: 16px;\">14% vol.<\/span><\/div>\n<\/div>\n<\/div>\n<\/div>\n<\/div>\n<\/div>\n<\/div>\n<\/div>\n<\/div>\n<\/div>\n<div class=\"kb-row-layout-wrap kb-row-layout-id43454_1aca16-a9 alignnone wp-block-kadence-rowlayout\">\n<div class=\"kt-row-column-wrap kt-has-2-columns kt-row-layout-right-golden kt-tab-layout-inherit kt-mobile-layout-row kt-row-valign-top\">\n<div class=\"wp-block-kadence-column kadence-column43454_1191ff-38\">\n<div class=\"kt-inside-inner-col\">\n<div class=\"wp-block-kadence-infobox kt-info-box43454_d7e031-6e\">\n<div class=\"kt-infobox-textcontent\">\n<p class=\"kt-blocks-info-box-title\">Processus de vinification :  <span style=\"font-size: 16px;\">Vendanges manuelles de nuit avec s\u00e9lection sur table. Mac\u00e9ration pr\u00e9fermentaire de 48 heures \u00e0 10\u00baC. Fermentation alcoolique avec des levures s\u00e9lectionn\u00e9es \u00e0 22\u00baC et fermentation malolactique en acier inoxydable. Vieillissement en f\u00fbts de ch\u00eane fran\u00e7ais (neufs et usag\u00e9s) pendant 12 mois et un minimum de 16 mois en bouteille avant la mise sur le march\u00e9.   <\/span><\/p>\n<\/div>\n<\/div>\n<\/div>\n<\/div>\n<\/div>\n<\/div>\n<div class=\"kb-row-layout-wrap kb-row-layout-id43454_2eddfc-0b alignnone wp-block-kadence-rowlayout\">\n<div class=\"kt-row-column-wrap kt-has-2-columns kt-row-layout-right-golden kt-tab-layout-inherit kt-mobile-layout-row kt-row-valign-top\">\n<div class=\"wp-block-kadence-column kadence-column43454_8875cb-f6\">\n<div class=\"kt-inside-inner-col\">\n<div class=\"wp-block-kadence-infobox kt-info-box43454_b8c24d-98\">\n<div class=\"kt-infobox-textcontent\">\n<p class=\"kt-blocks-info-box-title\">Notes de d\u00e9gustation :  <span style=\"font-size: 16px;\">Couleur rouge rubis intense. Ar\u00f4mes profonds de fruits rouges et noirs avec des notes balsamiques et \u00e9pic\u00e9es. Il se caract\u00e9rise par une entr\u00e9e en bouche puissante et glyc\u00e9rique, avec une bonne acidit\u00e9 et une sensation de velours. Des nuances de fruits rouges m\u00fbrs, de r\u00e9sine, de poivre et de cacao dominent. La fin de bouche est intense et ronde. Un vin complexe, plein de nuances, alliant la fra\u00eecheur et le caract\u00e8re qui font l&#8217;identit\u00e9 des vins d&#8217;Entrechuelos.     <\/span><\/p>\n<\/div>\n<\/div>\n<\/div>\n<\/div>\n<\/div>\n<\/div>\n<div class=\"kb-row-layout-wrap kb-row-layout-id43454_b622f5-22 alignnone wp-block-kadence-rowlayout\">\n<div class=\"kt-row-column-wrap kt-has-2-columns kt-row-layout-right-golden kt-tab-layout-inherit kt-mobile-layout-row kt-row-valign-top\">\n<div class=\"wp-block-kadence-column kadence-column43454_6b66c7-85\">\n<div class=\"kt-inside-inner-col\">\n<div class=\"wp-block-kadence-infobox kt-info-box43454_5b0a55-32\">\n<div class=\"kt-infobox-textcontent\">\n<p class=\"kt-blocks-info-box-title\">Accompagnement recommand\u00e9 :  <span style=\"font-size: 16px;\">Viandes et poissons grill\u00e9s en sauce. Rago\u00fbts et cocottes de l\u00e9gumes. <\/span><\/p>\n<\/div>\n<\/div>\n<\/div>\n<\/div>\n<\/div>\n<\/div>\n<div class=\"kb-row-layout-wrap kb-row-layout-id43454_c862f6-f2 alignnone wp-block-kadence-rowlayout\">\n<div class=\"kt-row-column-wrap kt-has-2-columns kt-row-layout-right-golden kt-tab-layout-inherit kt-mobile-layout-row kt-row-valign-top\">\n<div class=\"wp-block-kadence-column kadence-column43454_83043b-7d\">\n<div class=\"kt-inside-inner-col\">\n<div class=\"wp-block-kadence-infobox kt-info-box43454_173cfd-e6\">\n<div class=\"kt-infobox-textcontent\">\n<p class=\"kt-blocks-info-box-title\">Caract\u00e9ristiques du sol : <span style=\"font-size: 16px;\">sols calcaires \u00e0 granulom\u00e9trie et degr\u00e9 de compaction variables.<\/span><\/p>\n<\/div>\n<\/div>\n<\/div>\n<\/div>\n<\/div>\n<\/div>\n<div class=\"kb-row-layout-wrap kb-row-layout-id43454_fe9fdd-1b alignnone wp-block-kadence-rowlayout\">\n<div class=\"kt-row-column-wrap kt-has-2-columns kt-row-layout-right-golden kt-tab-layout-inherit kt-mobile-layout-row kt-row-valign-top\">\n<div class=\"wp-block-kadence-column kadence-column43454_f8e40c-0c\">\n<div class=\"kt-inside-inner-col\">\n<div class=\"wp-block-kadence-infobox kt-info-box43454_642422-45\">\n<div class=\"kt-infobox-textcontent\">\n<p class=\"kt-blocks-info-box-title\">Caract\u00e9ristiques climatiques :<span style=\"font-size: 16px;\">climat m\u00e9diterran\u00e9en typique \u00e0 influence atlantique avec des \u00e9t\u00e9s chauds et secs et des hivers doux et humides ; la brise de l&#8217;oc\u00e9an Atlantique apporte de la fra\u00eecheur et est \u00e0 l&#8217;origine de la plupart des pr\u00e9cipitations.<\/span><\/p>\n<\/div>\n<\/div>\n<\/div>\n<\/div>\n<\/div>\n<\/div>\n<div class=\"kb-row-layout-wrap kb-row-layout-id43454_0dd352-bf alignnone wp-block-kadence-rowlayout\">\n<div class=\"kt-row-column-wrap kt-has-2-columns kt-row-layout-right-golden kt-tab-layout-inherit kt-mobile-layout-row kt-row-valign-top\">\n<div class=\"wp-block-kadence-column kadence-column43454_1f94ec-31\">\n<div class=\"kt-inside-inner-col\">\n<div class=\"wp-block-kadence-infobox kt-info-box43454_18b1c7-f7\">\n<div class=\"kt-blocks-info-box-media-container\">\n<div class=\"kt-blocks-info-box-media kt-info-media-animate-none\">\n<div class=\"kadence-info-box-image-inner-intrisic-container\">\n<div class=\"kadence-info-box-image-intrisic kt-info-animate-none\">\n<div class=\"kadence-info-box-image-inner-intrisic\"><span style=\"font-size: 16px;\">Allerg\u00e8nes : <\/span><span style=\"font-size: 16px;\">Peut contenir des sulfites.<\/span><\/div>\n<\/div>\n<\/div>\n<\/div>\n<\/div>\n<\/div>\n<\/div>\n<\/div>\n<\/div>\n<\/div>\n<\/div>\n<\/div>","protected":false},"excerpt":{"rendered":"<p>Miguel Domecq Entrechuelos Troisi\u00e8me ann\u00e9e Vin rouge de Tierra de C\u00e1diz 75cl dans toute l&#8217;Europe<\/p>\n","protected":false},"featured_media":20734,"template":"","meta":{"site-sidebar-layout":"default","site-content-layout":"","ast-site-content-layout":"default","site-content-style":"default","site-sidebar-style":"default","ast-global-header-display":"","ast-banner-title-visibility":"","ast-main-header-display":"","ast-hfb-above-header-display":"","ast-hfb-below-header-display":"","ast-hfb-mobile-header-display":"","site-post-title":"","ast-breadcrumbs-content":"","ast-featured-img":"","footer-sml-layout":"","ast-disable-related-posts":"","theme-transparent-header-meta":"default","adv-header-id-meta":"","stick-header-meta":"","header-above-stick-meta":"","header-main-stick-meta":"","header-below-stick-meta":"","astra-migrate-meta-layouts":"default","ast-page-background-enabled":"default","ast-page-background-meta":{"desktop":{"background-color":"var(--ast-global-color-4)","background-image":"","background-repeat":"repeat","background-position":"center center","background-size":"auto","background-attachment":"scroll","background-type":"","background-media":"","overlay-type":"","overlay-color":"","overlay-opacity":"","overlay-gradient":""},"tablet":{"background-color":"","background-image":"","background-repeat":"repeat","background-position":"center center","background-size":"auto","background-attachment":"scroll","background-type":"","background-media":"","overlay-type":"","overlay-color":"","overlay-opacity":"","overlay-gradient":""},"mobile":{"background-color":"","background-image":"","background-repeat":"repeat","background-position":"center center","background-size":"auto","background-attachment":"scroll","background-type":"","background-media":"","overlay-type":"","overlay-color":"","overlay-opacity":"","overlay-gradient":""}},"ast-content-background-meta":{"desktop":{"background-color":"var(--ast-global-color-5)","background-image":"","background-repeat":"repeat","background-position":"center center","background-size":"auto","background-attachment":"scroll","background-type":"","background-media":"","overlay-type":"","overlay-color":"","overlay-opacity":"","overlay-gradient":""},"tablet":{"background-color":"var(--ast-global-color-5)","background-image":"","background-repeat":"repeat","background-position":"center center","background-size":"auto","background-attachment":"scroll","background-type":"","background-media":"","overlay-type":"","overlay-color":"","overlay-opacity":"","overlay-gradient":""},"mobile":{"background-color":"var(--ast-global-color-5)","background-image":"","background-repeat":"repeat","background-position":"center center","background-size":"auto","background-attachment":"scroll","background-type":"","background-media":"","overlay-type":"","overlay-color":"","overlay-opacity":"","overlay-gradient":""}}},"product_brand":[1309],"product_cat":[317,294],"product_tag":[],"class_list":{"0":"post-20739","1":"product","2":"type-product","3":"status-publish","4":"has-post-thumbnail","6":"product_brand-miguel-domecq","7":"product_cat-nouvelles","8":"product_cat-vin-rouge","9":"desktop-align-left","10":"tablet-align-left","11":"mobile-align-left","13":"first","14":"instock","15":"taxable","16":"shipping-taxable","17":"purchasable","18":"product-type-simple"},"_links":{"self":[{"href":"https:\/\/andalubox.com\/fr\/wp-json\/wp\/v2\/product\/20739","targetHints":{"allow":["GET"]}}],"collection":[{"href":"https:\/\/andalubox.com\/fr\/wp-json\/wp\/v2\/product"}],"about":[{"href":"https:\/\/andalubox.com\/fr\/wp-json\/wp\/v2\/types\/product"}],"wp:featuredmedia":[{"embeddable":true,"href":"https:\/\/andalubox.com\/fr\/wp-json\/wp\/v2\/media\/20734"}],"wp:attachment":[{"href":"https:\/\/andalubox.com\/fr\/wp-json\/wp\/v2\/media?parent=20739"}],"wp:term":[{"taxonomy":"product_brand","embeddable":true,"href":"https:\/\/andalubox.com\/fr\/wp-json\/wp\/v2\/product_brand?post=20739"},{"taxonomy":"product_cat","embeddable":true,"href":"https:\/\/andalubox.com\/fr\/wp-json\/wp\/v2\/product_cat?post=20739"},{"taxonomy":"product_tag","embeddable":true,"href":"https:\/\/andalubox.com\/fr\/wp-json\/wp\/v2\/product_tag?post=20739"}],"curies":[{"name":"wp","href":"https:\/\/api.w.org\/{rel}","templated":true}]}}